{"id":3574,"date":"2022-05-28T11:34:12","date_gmt":"2022-05-28T14:34:12","guid":{"rendered":"https:\/\/leandrohindu.com.br\/revoltas\/?page_id=3574"},"modified":"2024-06-13T10:23:40","modified_gmt":"2024-06-13T13:23:40","slug":"conselho-editorial","status":"publish","type":"page","link":"https:\/\/www.historia.uff.br\/impressoesrebeldes\/revista-impressoes-rebeldes\/conselho-editorial\/","title":{"rendered":"Conselho Editorial"},"content":{"rendered":"<h2>Conselho Editorial<\/h2>\n<p>Impress\u00f5es Rebeldes \u00e9 um publica\u00e7\u00e3o com periodicidade semestral: janeiro a junho (jan-jun) e julho a dezembro (jul-dez).<\/p>\n<h3>Editor<\/h3>\n<p>Luciano Figueiredo (IHT &#8211; UFF)<br \/>\n<a href=\"mailto:lucianoraposo@id.uff.br\">lucianoraposo@id.uff.br<\/a><\/p>\n<h3>Assistente editorial<\/h3>\n<p>Giovanna Wermelinger (IHT &#8211; UFF). Bolsista PIBIC-CNPq<\/p>\n<p><a href=\"mailto:impressoesrebeldes@gmail.com\">impressoesrebeldes@gmail.com<\/a><\/p>\n<h3>Institui\u00e7\u00e3o respons\u00e1vel<\/h3>\n<p>Companhia das \u00cdndias (N\u00facleo de Hist\u00f3ria Ib\u00e9rica e Colonial). Universidade Federal Fluminense<\/p>\n<p>Campus do Gragoat\u00e1. Rua Professor Marcos Waldemar de Freitas Reis s\/n. Bloco \u201cO\u201d, sala 450<br \/>\nNiter\u00f3i. Rio de Janeiro CEP 24210-380<\/p>\n<h4>Aceitamos artigos em portugu\u00eas, espanhol, franc\u00eas e ingl\u00eas.<\/h4>\n<h3>Conselho editorial<\/h3>\n<ul>\n<li>Adriana Romeiro &#8211; UFMG<\/li>\n<li>Andr\u00e9 Figueiredo Rodrigues &#8211; UNESP<\/li>\n<li>Carmen Alveal &#8211; UFRN<\/li>\n<li>Fl\u00e1vio Gomes &#8211; UFRJ<\/li>\n<li>Gefferson Rodrigues &#8211; UFOPA<\/li>\n<li>Jo\u00e3o Henrique Ferreira de Castro\u00a0 &#8211; C PII<\/li>\n<li>Jo\u00e3o Jos\u00e9 Reis &#8211; UFBA<\/li>\n<li>Laura de Mello e Souza &#8211; UParis IV &#8211; Sorbonne<\/li>\n<li>Mafalda Soares &#8211; U\u00c9vora<\/li>\n<li>Marco Antonio Villela Pamplona &#8211; PUC-RJ<\/li>\n<li>Marco Ant\u00f4nio Silveira &#8211; UFOP<\/li>\n<li>Marcus Joaquim Maciel de Carvalho &#8211; UFPE<\/li>\n<li>Pedro Puntoni &#8211; USP<\/li>\n<li>Rafael Chambouleyron &#8211; UFPA<\/li>\n<li>Silvia Hunold Lara &#8211; UNICAMP<\/li>\n<\/ul>\n","protected":false},"excerpt":{"rendered":"<p>Conselho Editorial Impress\u00f5es Rebeldes \u00e9 um publica\u00e7\u00e3o com periodicidade semestral: janeiro a junho (jan-jun) e julho a dezembro (jul-dez). Editor Luciano Figueiredo (IHT &#8211; UFF) lucianoraposo@id.uff.br Assistente editorial Giovanna Wermelinger (IHT &#8211; UFF). Bolsista PIBIC-CNPq impressoesrebeldes@gmail.com Institui\u00e7\u00e3o respons\u00e1vel Companhia das \u00cdndias (N\u00facleo de Hist\u00f3ria Ib\u00e9rica e Colonial). Universidade Federal Fluminense Campus do Gragoat\u00e1. Rua Professor [&hellip;]<\/p>\n","protected":false},"author":1,"featured_media":0,"parent":3564,"menu_order":0,"comment_status":"closed","ping_status":"closed","template":"page-revista-apresentacao.php","meta":[],"acf":[],"yoast_head":"<!-- This site is optimized with the Yoast SEO plugin v19.0 - https:\/\/yoast.com\/wordpress\/plugins\/seo\/ -->\n<title>Conselho Editorial - Impress\u00f5es Rebeldes<\/title>\n<meta name=\"robots\" content=\"index, follow, max-snippet:-1, max-image-preview:large, max-video-preview:-1\" \/>\n<link rel=\"canonical\" href=\"https:\/\/www.historia.uff.br\/impressoesrebeldes\/revista-impressoes-rebeldes\/conselho-editorial\/\" \/>\n<meta property=\"og:locale\" content=\"pt_BR\" \/>\n<meta property=\"og:type\" content=\"article\" \/>\n<meta property=\"og:title\" content=\"Conselho Editorial - Impress\u00f5es Rebeldes\" \/>\n<meta property=\"og:description\" content=\"Conselho Editorial Impress\u00f5es Rebeldes \u00e9 um publica\u00e7\u00e3o com periodicidade semestral: janeiro a junho (jan-jun) e julho a dezembro (jul-dez). Editor Luciano Figueiredo (IHT &#8211; UFF) lucianoraposo@id.uff.br Assistente editorial Giovanna Wermelinger (IHT &#8211; UFF). Bolsista PIBIC-CNPq impressoesrebeldes@gmail.com Institui\u00e7\u00e3o respons\u00e1vel Companhia das \u00cdndias (N\u00facleo de Hist\u00f3ria Ib\u00e9rica e Colonial). Universidade Federal Fluminense Campus do Gragoat\u00e1. Rua Professor [&hellip;]\" \/>\n<meta property=\"og:url\" content=\"https:\/\/www.historia.uff.br\/impressoesrebeldes\/revista-impressoes-rebeldes\/conselho-editorial\/\" \/>\n<meta property=\"og:site_name\" content=\"Impress\u00f5es Rebeldes\" \/>\n<meta property=\"article:publisher\" content=\"https:\/\/www.facebook.com\/impressoesrebeldes\/\" \/>\n<meta property=\"article:modified_time\" content=\"2024-06-13T13:23:40+00:00\" \/>\n<meta name=\"twitter:card\" content=\"summary_large_image\" \/>\n<meta name=\"twitter:site\" content=\"@ImpressoesRbds\" \/>\n<meta name=\"twitter:label1\" content=\"Est. reading time\" \/>\n\t<meta name=\"twitter:data1\" content=\"1 minuto\" \/>\n<script type=\"application\/ld+json\" class=\"yoast-schema-graph\">{\"@context\":\"https:\/\/schema.org\",\"@graph\":[{\"@type\":\"WebSite\",\"@id\":\"https:\/\/www.historia.uff.br\/impressoesrebeldes\/#website\",\"url\":\"https:\/\/www.historia.uff.br\/impressoesrebeldes\/\",\"name\":\"Impress\u00f5es Rebeldes\",\"description\":\"Para quem tem o que dizer sobre revoltas\",\"potentialAction\":[{\"@type\":\"SearchAction\",\"target\":{\"@type\":\"EntryPoint\",\"urlTemplate\":\"https:\/\/www.historia.uff.br\/impressoesrebeldes\/?s={search_term_string}\"},\"query-input\":\"required name=search_term_string\"}],\"inLanguage\":\"pt-BR\"},{\"@type\":\"WebPage\",\"@id\":\"https:\/\/www.historia.uff.br\/impressoesrebeldes\/revista-impressoes-rebeldes\/conselho-editorial\/#webpage\",\"url\":\"https:\/\/www.historia.uff.br\/impressoesrebeldes\/revista-impressoes-rebeldes\/conselho-editorial\/\",\"name\":\"Conselho Editorial - Impress\u00f5es Rebeldes\",\"isPartOf\":{\"@id\":\"https:\/\/www.historia.uff.br\/impressoesrebeldes\/#website\"},\"datePublished\":\"2022-05-28T14:34:12+00:00\",\"dateModified\":\"2024-06-13T13:23:40+00:00\",\"breadcrumb\":{\"@id\":\"https:\/\/www.historia.uff.br\/impressoesrebeldes\/revista-impressoes-rebeldes\/conselho-editorial\/#breadcrumb\"},\"inLanguage\":\"pt-BR\",\"potentialAction\":[{\"@type\":\"ReadAction\",\"target\":[\"https:\/\/www.historia.uff.br\/impressoesrebeldes\/revista-impressoes-rebeldes\/conselho-editorial\/\"]}]},{\"@type\":\"BreadcrumbList\",\"@id\":\"https:\/\/www.historia.uff.br\/impressoesrebeldes\/revista-impressoes-rebeldes\/conselho-editorial\/#breadcrumb\",\"itemListElement\":[{\"@type\":\"ListItem\",\"position\":1,\"name\":\"Home\",\"item\":\"https:\/\/www.historia.uff.br\/impressoesrebeldes\/\"},{\"@type\":\"ListItem\",\"position\":2,\"name\":\"Revista Impress\u00f5es Rebeldes\",\"item\":\"https:\/\/www.historia.uff.br\/impressoesrebeldes\/revista-impressoes-rebeldes\/\"},{\"@type\":\"ListItem\",\"position\":3,\"name\":\"Conselho Editorial\"}]}]}<\/script>\n<!-- \/ Yoast SEO plugin. -->","yoast_head_json":{"title":"Conselho Editorial - Impress\u00f5es Rebeldes","robots":{"index":"index","follow":"follow","max-snippet":"max-snippet:-1","max-image-preview":"max-image-preview:large","max-video-preview":"max-video-preview:-1"},"canonical":"https:\/\/www.historia.uff.br\/impressoesrebeldes\/revista-impressoes-rebeldes\/conselho-editorial\/","og_locale":"pt_BR","og_type":"article","og_title":"Conselho Editorial - Impress\u00f5es Rebeldes","og_description":"Conselho Editorial Impress\u00f5es Rebeldes \u00e9 um publica\u00e7\u00e3o com periodicidade semestral: janeiro a junho (jan-jun) e julho a dezembro (jul-dez). Editor Luciano Figueiredo (IHT &#8211; UFF) lucianoraposo@id.uff.br Assistente editorial Giovanna Wermelinger (IHT &#8211; UFF). Bolsista PIBIC-CNPq impressoesrebeldes@gmail.com Institui\u00e7\u00e3o respons\u00e1vel Companhia das \u00cdndias (N\u00facleo de Hist\u00f3ria Ib\u00e9rica e Colonial). Universidade Federal Fluminense Campus do Gragoat\u00e1. Rua Professor [&hellip;]","og_url":"https:\/\/www.historia.uff.br\/impressoesrebeldes\/revista-impressoes-rebeldes\/conselho-editorial\/","og_site_name":"Impress\u00f5es Rebeldes","article_publisher":"https:\/\/www.facebook.com\/impressoesrebeldes\/","article_modified_time":"2024-06-13T13:23:40+00:00","twitter_card":"summary_large_image","twitter_site":"@ImpressoesRbds","twitter_misc":{"Est. reading time":"1 minuto"},"schema":{"@context":"https:\/\/schema.org","@graph":[{"@type":"WebSite","@id":"https:\/\/www.historia.uff.br\/impressoesrebeldes\/#website","url":"https:\/\/www.historia.uff.br\/impressoesrebeldes\/","name":"Impress\u00f5es Rebeldes","description":"Para quem tem o que dizer sobre revoltas","potentialAction":[{"@type":"SearchAction","target":{"@type":"EntryPoint","urlTemplate":"https:\/\/www.historia.uff.br\/impressoesrebeldes\/?s={search_term_string}"},"query-input":"required name=search_term_string"}],"inLanguage":"pt-BR"},{"@type":"WebPage","@id":"https:\/\/www.historia.uff.br\/impressoesrebeldes\/revista-impressoes-rebeldes\/conselho-editorial\/#webpage","url":"https:\/\/www.historia.uff.br\/impressoesrebeldes\/revista-impressoes-rebeldes\/conselho-editorial\/","name":"Conselho Editorial - Impress\u00f5es Rebeldes","isPartOf":{"@id":"https:\/\/www.historia.uff.br\/impressoesrebeldes\/#website"},"datePublished":"2022-05-28T14:34:12+00:00","dateModified":"2024-06-13T13:23:40+00:00","breadcrumb":{"@id":"https:\/\/www.historia.uff.br\/impressoesrebeldes\/revista-impressoes-rebeldes\/conselho-editorial\/#breadcrumb"},"inLanguage":"pt-BR","potentialAction":[{"@type":"ReadAction","target":["https:\/\/www.historia.uff.br\/impressoesrebeldes\/revista-impressoes-rebeldes\/conselho-editorial\/"]}]},{"@type":"BreadcrumbList","@id":"https:\/\/www.historia.uff.br\/impressoesrebeldes\/revista-impressoes-rebeldes\/conselho-editorial\/#breadcrumb","itemListElement":[{"@type":"ListItem","position":1,"name":"Home","item":"https:\/\/www.historia.uff.br\/impressoesrebeldes\/"},{"@type":"ListItem","position":2,"name":"Revista Impress\u00f5es Rebeldes","item":"https:\/\/www.historia.uff.br\/impressoesrebeldes\/revista-impressoes-rebeldes\/"},{"@type":"ListItem","position":3,"name":"Conselho Editorial"}]}]}},"_links":{"self":[{"href":"https:\/\/www.historia.uff.br\/impressoesrebeldes\/wp-json\/wp\/v2\/pages\/3574"}],"collection":[{"href":"https:\/\/www.historia.uff.br\/impressoesrebeldes\/wp-json\/wp\/v2\/pages"}],"about":[{"href":"https:\/\/www.historia.uff.br\/impressoesrebeldes\/wp-json\/wp\/v2\/types\/page"}],"author":[{"embeddable":true,"href":"https:\/\/www.historia.uff.br\/impressoesrebeldes\/wp-json\/wp\/v2\/users\/1"}],"replies":[{"embeddable":true,"href":"https:\/\/www.historia.uff.br\/impressoesrebeldes\/wp-json\/wp\/v2\/comments?post=3574"}],"version-history":[{"count":17,"href":"https:\/\/www.historia.uff.br\/impressoesrebeldes\/wp-json\/wp\/v2\/pages\/3574\/revisions"}],"predecessor-version":[{"id":5810,"href":"https:\/\/www.historia.uff.br\/impressoesrebeldes\/wp-json\/wp\/v2\/pages\/3574\/revisions\/5810"}],"up":[{"embeddable":true,"href":"https:\/\/www.historia.uff.br\/impressoesrebeldes\/wp-json\/wp\/v2\/pages\/3564"}],"wp:attachment":[{"href":"https:\/\/www.historia.uff.br\/impressoesrebeldes\/wp-json\/wp\/v2\/media?parent=3574"}],"curies":[{"name":"wp","href":"https:\/\/api.w.org\/{rel}","templated":true}]}}